{"id":5439,"date":"2025-02-18T12:21:10","date_gmt":"2025-02-18T11:21:10","guid":{"rendered":"https:\/\/theberlinwall.com\/the-exhibition\/"},"modified":"2025-11-24T08:41:17","modified_gmt":"2025-11-24T07:41:17","slug":"the-exhibition","status":"publish","type":"page","link":"https:\/\/theberlinwall.com\/en\/the-exhibition\/","title":{"rendered":"The Exhibition"},"content":{"rendered":"\t\t<div data-elementor-type=\"wp-page\" data-elementor-id=\"5439\" class=\"elementor elementor-5439 elementor-4767\" data-elementor-post-type=\"page\">\n\t\t\t\t<div class=\"elementor-element elementor-element-724a628 e-flex e-con-boxed e-con e-parent\" data-id=\"724a628\" data-element_type=\"container\" data-e-type=\"container\" data-settings=\"{&quot;background_background&quot;:&quot;classic&quot;}\">\n\t\t\t\t\t<div class=\"e-con-inner\">\n\t\t<div class=\"elementor-element elementor-element-0a409b3 e-con-full e-flex e-con e-child\" data-id=\"0a409b3\" data-element_type=\"container\" data-e-type=\"container\">\n\t\t\t\t<div class=\"elementor-element elementor-element-021217c elementor-widget elementor-widget-heading\" data-id=\"021217c\" data-element_type=\"widget\" data-e-type=\"widget\" data-widget_type=\"heading.default\">\n\t\t\t\t<div class=\"elementor-widget-container\">\n\t\t\t\t\t<h2 class=\"elementor-heading-title elementor-size-default\">The Exhibition<\/h2>\t\t\t\t<\/div>\n\t\t\t\t<\/div>\n\t\t\t\t<\/div>\n\t\t<div class=\"elementor-element elementor-element-df7f3ba e-con-full e-flex e-con e-child\" data-id=\"df7f3ba\" data-element_type=\"container\" data-e-type=\"container\">\n\t\t\t\t<div class=\"elementor-element elementor-element-2192ecd elementor-widget elementor-widget-image\" data-id=\"2192ecd\" data-element_type=\"widget\" data-e-type=\"widget\" data-widget_type=\"image.default\">\n\t\t\t\t<div class=\"elementor-widget-container\">\n\t\t\t\t\t\t\t\t\t\t\t\t\t\t\t<img fetchpriority=\"high\" decoding=\"async\" width=\"595\" height=\"192\" src=\"https:\/\/theberlinwall.com\/wp-content\/uploads\/2024\/02\/Musealli_logo_white.svg\" class=\"attachment-large size-large wp-image-2217\" alt=\"\" \/>\t\t\t\t\t\t\t\t\t\t\t\t\t\t\t<\/div>\n\t\t\t\t<\/div>\n\t\t\t\t<div class=\"elementor-element elementor-element-9ce61cb elementor-widget elementor-widget-image\" data-id=\"9ce61cb\" data-element_type=\"widget\" data-e-type=\"widget\" data-widget_type=\"image.default\">\n\t\t\t\t<div class=\"elementor-widget-container\">\n\t\t\t\t\t\t\t\t\t\t\t\t\t\t\t<img decoding=\"async\" width=\"340\" height=\"192\" src=\"https:\/\/theberlinwall.com\/wp-content\/uploads\/2024\/02\/Stiftung_logo_white.svg\" class=\"attachment-large size-large wp-image-2219\" alt=\"\" \/>\t\t\t\t\t\t\t\t\t\t\t\t\t\t\t<\/div>\n\t\t\t\t<\/div>\n\t\t\t\t<\/div>\n\t\t\t\t\t<\/div>\n\t\t\t\t<\/div>\n\t\t<div class=\"elementor-element elementor-element-c5a2342 e-flex e-con-boxed e-con e-parent\" data-id=\"c5a2342\" data-element_type=\"container\" data-e-type=\"container\" id=\"expo\" data-settings=\"{&quot;background_background&quot;:&quot;classic&quot;}\">\n\t\t\t\t\t<div class=\"e-con-inner\">\n\t\t<div class=\"elementor-element elementor-element-d19c7bf e-con-full e-flex e-con e-child\" data-id=\"d19c7bf\" data-element_type=\"container\" data-e-type=\"container\">\n\t\t\t\t<div class=\"elementor-element elementor-element-c7f093a elementor-widget elementor-widget-video\" data-id=\"c7f093a\" data-element_type=\"widget\" data-e-type=\"widget\" data-settings=\"{&quot;youtube_url&quot;:&quot;https:\\\/\\\/youtu.be\\\/9_b6wdS34e4&quot;,&quot;video_type&quot;:&quot;youtube&quot;,&quot;controls&quot;:&quot;yes&quot;}\" data-widget_type=\"video.default\">\n\t\t\t\t<div class=\"elementor-widget-container\">\n\t\t\t\t\t\t\t<div class=\"elementor-wrapper elementor-open-inline\">\n\t\t\t<div class=\"elementor-video\"><\/div>\t\t<\/div>\n\t\t\t\t\t\t<\/div>\n\t\t\t\t<\/div>\n\t\t\t\t<\/div>\n\t\t<div class=\"elementor-element elementor-element-1fa2e57 e-con-full e-flex e-con e-child\" data-id=\"1fa2e57\" data-element_type=\"container\" data-e-type=\"container\">\n\t\t\t\t<div class=\"elementor-element elementor-element-73605b3 elementor-widget elementor-widget-text-editor\" data-id=\"73605b3\" data-element_type=\"widget\" data-e-type=\"widget\" data-widget_type=\"text-editor.default\">\n\t\t\t\t<div class=\"elementor-widget-container\">\n\t\t\t\t\t\t\t\t\t<p><strong>Are we still living in a divided world?\u00bfSeguimos viviendo en un mundo dividido?<\/strong><\/p>\t\t\t\t\t\t\t\t<\/div>\n\t\t\t\t<\/div>\n\t\t\t\t<div class=\"elementor-element elementor-element-19c5c59 elementor-widget elementor-widget-text-editor\" data-id=\"19c5c59\" data-element_type=\"widget\" data-e-type=\"widget\" data-widget_type=\"text-editor.default\">\n\t\t\t\t<div class=\"elementor-widget-container\">\n\t\t\t\t\t\t\t\t\t<p>We cannot understand the history of the 20th century without mentioning the philosophical, ideological, and geopolitical confrontation symbolized by the Berlin Wall. The exhibition deeply explores the repression carried out by the communist regime of the German Democratic Republic, while highlighting inspiring examples of ordinary citizens fighting for freedom, democracy, and human rights. <\/p><p><br>More than 30 years after its fall, the Wall remains a powerful reminder of the importance of protecting our democracies against both old and new challenges, which continue to be our best guarantee for peaceful coexistence.<\/p>\t\t\t\t\t\t\t\t<\/div>\n\t\t\t\t<\/div>\n\t\t\t\t<\/div>\n\t\t\t\t\t<\/div>\n\t\t\t\t<\/div>\n\t\t<div class=\"elementor-element elementor-element-a26c499 e-flex e-con-boxed e-con e-parent\" data-id=\"a26c499\" data-element_type=\"container\" data-e-type=\"container\" data-settings=\"{&quot;background_background&quot;:&quot;video&quot;,&quot;background_video_start&quot;:0,&quot;background_play_on_mobile&quot;:&quot;yes&quot;}\">\n\t\t\t\t\t<div class=\"e-con-inner\">\n\t\t<div class=\"elementor-element elementor-element-9bae6ca e-con-full e-flex e-con e-child\" data-id=\"9bae6ca\" data-element_type=\"container\" data-e-type=\"container\">\n\t\t\t\t<div class=\"elementor-element elementor-element-e44708d elementor-widget elementor-widget-text-editor\" data-id=\"e44708d\" data-element_type=\"widget\" data-e-type=\"widget\" data-widget_type=\"text-editor.default\">\n\t\t\t\t<div class=\"elementor-widget-container\">\n\t\t\t\t\t\t\t\t\t<p><strong>The Collection<\/strong><\/p>\t\t\t\t\t\t\t\t<\/div>\n\t\t\t\t<\/div>\n\t\t\t\t<\/div>\n\t\t<div class=\"elementor-element elementor-element-5233482 e-con-full e-flex e-con e-child\" data-id=\"5233482\" data-element_type=\"container\" data-e-type=\"container\">\n\t\t\t\t<div class=\"elementor-element elementor-element-165a454 elementor-widget__width-initial elementor-widget elementor-widget-text-editor\" data-id=\"165a454\" data-element_type=\"widget\" data-e-type=\"widget\" data-widget_type=\"text-editor.default\">\n\t\t\t\t<div class=\"elementor-widget-container\">\n\t\t\t\t\t\t\t\t\t<p>The collection of over 200 original objects comes from more than 20 international institutions, such as the Berlin Wall Foundation, the Allied Museum, and the Hiroshima Peace Memorial Museum. Among the most remarkable pieces are fragments of the Wall and personal items that Berlin citizens used for smuggling or communication across the Wall, testifying to the direct consequences of the two opposing systems. <\/p>\t\t\t\t\t\t\t\t<\/div>\n\t\t\t\t<\/div>\n\t\t\t\t<div class=\"elementor-element elementor-element-9499e70 elementor-widget elementor-widget-text-editor\" data-id=\"9499e70\" data-element_type=\"widget\" data-e-type=\"widget\" data-widget_type=\"text-editor.default\">\n\t\t\t\t<div class=\"elementor-widget-container\">\n\t\t\t\t\t\t\t\t\t<p>Visitors will also discover objects reflecting the global dimension of the conflict, including those used for propaganda, espionage, and nuclear warfare. These items trace the social movements and events that led to the fall of the Berlin Wall and the end of the Cold War. <\/p>\t\t\t\t\t\t\t\t<\/div>\n\t\t\t\t<\/div>\n\t\t\t\t<\/div>\n\t\t\t\t\t<\/div>\n\t\t\t\t<\/div>\n\t\t<div class=\"elementor-element elementor-element-596b681 e-flex e-con-boxed e-con e-parent\" data-id=\"596b681\" data-element_type=\"container\" data-e-type=\"container\">\n\t\t\t\t\t<div class=\"e-con-inner\">\n\t\t\t\t<div class=\"elementor-element elementor-element-5f38e45 elementor-pagination-position-outside elementor-widget elementor-widget-image-carousel\" data-id=\"5f38e45\" data-element_type=\"widget\" data-e-type=\"widget\" data-settings=\"{&quot;slides_to_show&quot;:&quot;3&quot;,&quot;navigation&quot;:&quot;dots&quot;,&quot;slides_to_show_mobile&quot;:&quot;1&quot;,&quot;slides_to_show_tablet&quot;:&quot;2&quot;,&quot;slides_to_scroll&quot;:&quot;3&quot;,&quot;slides_to_scroll_tablet&quot;:&quot;2&quot;,&quot;autoplay&quot;:&quot;yes&quot;,&quot;pause_on_hover&quot;:&quot;yes&quot;,&quot;pause_on_interaction&quot;:&quot;yes&quot;,&quot;autoplay_speed&quot;:5000,&quot;infinite&quot;:&quot;yes&quot;,&quot;speed&quot;:500,&quot;image_spacing_custom&quot;:{&quot;unit&quot;:&quot;px&quot;,&quot;size&quot;:20,&quot;sizes&quot;:[]},&quot;image_spacing_custom_tablet_extra&quot;:{&quot;unit&quot;:&quot;px&quot;,&quot;size&quot;:&quot;&quot;,&quot;sizes&quot;:[]},&quot;image_spacing_custom_tablet&quot;:{&quot;unit&quot;:&quot;px&quot;,&quot;size&quot;:&quot;&quot;,&quot;sizes&quot;:[]}}\" data-widget_type=\"image-carousel.default\">\n\t\t\t\t<div class=\"elementor-widget-container\">\n\t\t\t\t\t\t\t<div class=\"elementor-image-carousel-wrapper swiper\" role=\"region\" aria-roledescription=\"carousel\" aria-label=\"Carrusel de im\u00e1genes\" dir=\"ltr\">\n\t\t\t<div class=\"elementor-image-carousel swiper-wrapper\" aria-live=\"off\">\n\t\t\t\t\t\t\t\t<div class=\"swiper-slide\" role=\"group\" aria-roledescription=\"slide\" aria-label=\"1 of 15\"><figure class=\"swiper-slide-inner\"><img decoding=\"async\" class=\"swiper-slide-image\" src=\"https:\/\/theberlinwall.com\/wp-content\/uploads\/elementor\/thumbs\/Musealia_EMDB_by_VictordelaFuente_B145-r1ostcw3m1qzniigsfbzpr6j4i6n5c8u4pccv8rnvk.jpg\" alt=\"Musealia_EMDB_by_VictordelaFuente_B145\" \/><\/figure><\/div><div class=\"swiper-slide\" role=\"group\" aria-roledescription=\"slide\" aria-label=\"2 of 15\"><figure class=\"swiper-slide-inner\"><img decoding=\"async\" class=\"swiper-slide-image\" src=\"https:\/\/theberlinwall.com\/wp-content\/uploads\/elementor\/thumbs\/Musealia_EMDB_by_VictordelaFuente_B170-r1ostp402w7pug0pt2m5463iuiiexelcidto3u9jmo.jpg\" alt=\"Musealia_EMDB_by_VictordelaFuente_B170\" \/><\/figure><\/div><div class=\"swiper-slide\" role=\"group\" aria-roledescription=\"slide\" aria-label=\"3 of 15\"><figure class=\"swiper-slide-inner\"><img decoding=\"async\" class=\"swiper-slide-image\" src=\"https:\/\/theberlinwall.com\/wp-content\/uploads\/elementor\/thumbs\/Musealia_EMDB_by_VictordelaFuente_B101-r1osslms3upoatm27ljt7g25wbwzy48mcyf9y7w2w0.jpg\" alt=\"Musealia_EMDB_by_VictordelaFuente_B101\" \/><\/figure><\/div><div class=\"swiper-slide\" role=\"group\" aria-roledescription=\"slide\" aria-label=\"4 of 15\"><figure class=\"swiper-slide-inner\"><img decoding=\"async\" class=\"swiper-slide-image\" src=\"https:\/\/theberlinwall.com\/wp-content\/uploads\/elementor\/thumbs\/EL-MURO-DE-BERLIN_MUSEALIA-7986-r2idby1pqyhe7stdskpk26lup310149fnwh0qrhhgg.jpg\" alt=\"EL-MURO-DE-BERLI\u0301N_MUSEALIA-7986\" \/><\/figure><\/div><div class=\"swiper-slide\" role=\"group\" aria-roledescription=\"slide\" aria-label=\"5 of 15\"><figure class=\"swiper-slide-inner\"><img decoding=\"async\" class=\"swiper-slide-image\" src=\"https:\/\/theberlinwall.com\/wp-content\/uploads\/elementor\/thumbs\/Musealia_EMDB_by_VictordelaFuente_B-49_resized-r2idc0v8bgl96mpac3xfrnw8h8n3o7kmoafh6ldaxs.jpg\" alt=\"Musealia_EMDB_by_VictordelaFuente_B---49_resized\" \/><\/figure><\/div><div class=\"swiper-slide\" role=\"group\" aria-roledescription=\"slide\" aria-label=\"6 of 15\"><figure class=\"swiper-slide-inner\"><img decoding=\"async\" class=\"swiper-slide-image\" src=\"https:\/\/theberlinwall.com\/wp-content\/uploads\/elementor\/thumbs\/EL-MURO-DE-BERLIN_MUSEALIA-8978-r2idbyzjxsiojes0n346modbagwd8td6014i81g3a8.jpg\" alt=\"EL-MURO-DE-BERLIN_MUSEALIA-8978\" \/><\/figure><\/div><div class=\"swiper-slide\" role=\"group\" aria-roledescription=\"slide\" aria-label=\"7 of 15\"><figure class=\"swiper-slide-inner\"><img decoding=\"async\" class=\"swiper-slide-image\" src=\"https:\/\/theberlinwall.com\/wp-content\/uploads\/elementor\/thumbs\/Musealia_EMDB_by_VictordelaFuente_B81-r1osspe4v6utl9glln6bhf409vegswnjph17vbqi74.jpg\" alt=\"Musealia_EMDB_by_VictordelaFuente_B81\" \/><\/figure><\/div><div class=\"swiper-slide\" role=\"group\" aria-roledescription=\"slide\" aria-label=\"8 of 15\"><figure class=\"swiper-slide-inner\"><img decoding=\"async\" class=\"swiper-slide-image\" src=\"https:\/\/theberlinwall.com\/wp-content\/uploads\/elementor\/thumbs\/Musealia_EMDB_by_VictordelaFuente_B201-r1ostur17wffs3siw51wj4oaetqm7l7qj5qkzi16lc.jpg\" alt=\"Musealia_EMDB_by_VictordelaFuente_B201\" \/><\/figure><\/div><div class=\"swiper-slide\" role=\"group\" aria-roledescription=\"slide\" aria-label=\"9 of 15\"><figure class=\"swiper-slide-inner\"><img decoding=\"async\" class=\"swiper-slide-image\" src=\"https:\/\/theberlinwall.com\/wp-content\/uploads\/elementor\/thumbs\/Musealia_EMDB_by_VictordelaFuente_B49-r1osss7nfoyok3ci56e76wee210kfzyqpuzob5mbog.jpg\" alt=\"Musealia_EMDB_by_VictordelaFuente_B49\" \/><\/figure><\/div><div class=\"swiper-slide\" role=\"group\" aria-roledescription=\"slide\" aria-label=\"10 of 15\"><figure class=\"swiper-slide-inner\"><img decoding=\"async\" class=\"swiper-slide-image\" src=\"https:\/\/theberlinwall.com\/wp-content\/uploads\/elementor\/thumbs\/Musealia_EMDB_by_VictordelaFuente_B-53_resized-r2idc1t2iamji8nx6mc2c5np2migvwod0f2ynvbwrk.jpg\" alt=\"Musealia_EMDB_by_VictordelaFuente_B---53_resized\" \/><\/figure><\/div><div class=\"swiper-slide\" role=\"group\" aria-roledescription=\"slide\" aria-label=\"11 of 15\"><figure class=\"swiper-slide-inner\"><img decoding=\"async\" class=\"swiper-slide-image\" src=\"https:\/\/theberlinwall.com\/wp-content\/uploads\/elementor\/thumbs\/Musealia_EMDB_by_VictordelaFuente_B-72_resized-r2idc3oqvyp45gl6vn5bh56m9e97bavtoodxmf94f4.jpg\" alt=\"Musealia_EMDB_by_VictordelaFuente_B---72_resized\" \/><\/figure><\/div><div class=\"swiper-slide\" role=\"group\" aria-roledescription=\"slide\" aria-label=\"12 of 15\"><figure class=\"swiper-slide-inner\"><img decoding=\"async\" class=\"swiper-slide-image\" src=\"https:\/\/theberlinwall.com\/wp-content\/uploads\/elementor\/thumbs\/Musealia_EMDB_by_VictordelaFuente_B-118_resized-r2idc4ml2sqeh2jtq5jy1my2us4kizzk0t1f3p7q8w.jpg\" alt=\"bernauer strasse sign\" \/><\/figure><\/div><div class=\"swiper-slide\" role=\"group\" aria-roledescription=\"slide\" aria-label=\"13 of 15\"><figure class=\"swiper-slide-inner\"><img decoding=\"async\" class=\"swiper-slide-image\" src=\"https:\/\/theberlinwall.com\/wp-content\/uploads\/elementor\/thumbs\/Musealia_EMDB_by_VictordelaFuente_B86-r1ossmkmaoqymfkp23yfrxtmhpsd5tccp32rfhuops.jpg\" alt=\"Musealia_EMDB_by_VictordelaFuente_B86\" \/><\/figure><\/div><div class=\"swiper-slide\" role=\"group\" aria-roledescription=\"slide\" aria-label=\"14 of 15\"><figure class=\"swiper-slide-inner\"><img decoding=\"async\" class=\"swiper-slide-image\" src=\"https:\/\/theberlinwall.com\/wp-content\/uploads\/elementor\/thumbs\/Musealia_EMDB_by_VictordelaFuente_B169-r1ostqzogkaahnxzi3fe95mg1a95csst6n4n2e6ra8.jpg\" alt=\"Musealia_EMDB_by_VictordelaFuente_B169\" \/><\/figure><\/div><div class=\"swiper-slide\" role=\"group\" aria-roledescription=\"slide\" aria-label=\"15 of 15\"><figure class=\"swiper-slide-inner\"><img decoding=\"async\" class=\"swiper-slide-image\" src=\"https:\/\/theberlinwall.com\/wp-content\/uploads\/elementor\/thumbs\/Musealia_EMDB_by_VictordelaFuente_B200-r1ostsvcu8cv4vv9748ne55d81zvs709uwfm0y3yxs.jpg\" alt=\"Musealia_EMDB_by_VictordelaFuente_B200\" \/><\/figure><\/div>\t\t\t<\/div>\n\t\t\t\t\t\t\t\n\t\t\t\t\t\t\t\t\t<div class=\"swiper-pagination\"><\/div>\n\t\t\t\t\t\t\t\t\t<\/div>\n\t\t\t\t\t\t<\/div>\n\t\t\t\t<\/div>\n\t\t\t\t\t<\/div>\n\t\t\t\t<\/div>\n\t\t<div class=\"elementor-element elementor-element-13ba3b7 e-flex e-con-boxed e-con e-parent\" data-id=\"13ba3b7\" data-element_type=\"container\" data-e-type=\"container\" id=\"info\" data-settings=\"{&quot;background_background&quot;:&quot;video&quot;,&quot;background_video_start&quot;:0,&quot;background_play_on_mobile&quot;:&quot;yes&quot;}\">\n\t\t\t\t\t<div class=\"e-con-inner\">\n\t\t<div class=\"elementor-element elementor-element-fbcdcbb e-con-full e-flex e-con e-child\" data-id=\"fbcdcbb\" data-element_type=\"container\" data-e-type=\"container\">\n\t\t\t\t<div class=\"elementor-element elementor-element-53b5cd7 elementor-widget elementor-widget-heading\" data-id=\"53b5cd7\" data-element_type=\"widget\" data-e-type=\"widget\" data-widget_type=\"heading.default\">\n\t\t\t\t<div class=\"elementor-widget-container\">\n\t\t\t\t\t<h2 class=\"elementor-heading-title elementor-size-default\">An international team of experts<\/h2>\t\t\t\t<\/div>\n\t\t\t\t<\/div>\n\t\t\t\t<div class=\"elementor-element elementor-element-bfb9979 elementor-widget elementor-widget-text-editor\" data-id=\"bfb9979\" data-element_type=\"widget\" data-e-type=\"widget\" data-widget_type=\"text-editor.default\">\n\t\t\t\t<div class=\"elementor-widget-container\">\n\t\t\t\t\t\t\t\t\t<p>Historians and researchers from the Berlin Wall Foundation under the creative direction of Musealia.<\/p>\t\t\t\t\t\t\t\t<\/div>\n\t\t\t\t<\/div>\n\t\t\t\t<\/div>\n\t\t\t\t\t<\/div>\n\t\t\t\t<\/div>\n\t\t<div class=\"elementor-element elementor-element-407f601 e-flex e-con-boxed e-con e-parent\" data-id=\"407f601\" data-element_type=\"container\" data-e-type=\"container\" data-settings=\"{&quot;background_background&quot;:&quot;video&quot;,&quot;background_video_start&quot;:0,&quot;background_play_on_mobile&quot;:&quot;yes&quot;}\">\n\t\t\t\t\t<div class=\"e-con-inner\">\n\t\t<div class=\"elementor-element elementor-element-b0aecb7 e-con-full e-flex e-con e-child\" data-id=\"b0aecb7\" data-element_type=\"container\" data-e-type=\"container\">\n\t\t<div class=\"elementor-element elementor-element-10e624c e-con-full e-flex e-con e-child\" data-id=\"10e624c\" data-element_type=\"container\" data-e-type=\"container\">\n\t\t<div class=\"elementor-element elementor-element-b475d87 e-con-full e-flex e-con e-child\" data-id=\"b475d87\" data-element_type=\"container\" data-e-type=\"container\">\n\t\t\t\t<div class=\"elementor-element elementor-element-e0dfddd elementor-widget elementor-widget-text-editor\" data-id=\"e0dfddd\" data-element_type=\"widget\" data-e-type=\"widget\" data-widget_type=\"text-editor.default\">\n\t\t\t\t<div class=\"elementor-widget-container\">\n\t\t\t\t\t\t\t\t\t<p><strong>Chief Curators<\/strong><\/p>\t\t\t\t\t\t\t\t<\/div>\n\t\t\t\t<\/div>\n\t\t\t\t<\/div>\n\t\t<div class=\"elementor-element elementor-element-b8ba266 e-con-full e-flex e-con e-child\" data-id=\"b8ba266\" data-element_type=\"container\" data-e-type=\"container\">\n\t\t\t\t<div class=\"elementor-element elementor-element-4ad5226 elementor-widget__width-initial elementor-widget elementor-widget-text-editor\" data-id=\"4ad5226\" data-element_type=\"widget\" data-e-type=\"widget\" data-widget_type=\"text-editor.default\">\n\t\t\t\t<div class=\"elementor-widget-container\">\n\t\t\t\t\t\t\t\t\t<p><strong>Dr. Gerhard Salter<\/strong><br>Chef du d\u00e9partement de recherche et de documentation de la Fondation du Mur de Berlin lors du d\u00e9veloppement de l\u2019exposition, il cumule plus de 20 ans d\u2019exp\u00e9rience au sein de la fondation. Il obtient son doctorat en 2000, et devient chercheur associ\u00e9 au M\u00e9morial du Mur de Berlin. De 2012 \u00e0 2016, il devient membre de la Commission historique ind\u00e9pendante sur l\u2019histoire du BND. Il a \u00e9galement publi\u00e9 plusieurs ouvrages sur le minist\u00e8re de la s\u00e9curit\u00e9 d\u2019\u00c9tat, le Mur de Berlin, l\u2019histoire des services secrets et le BND   <\/p>\t\t\t\t\t\t\t\t<\/div>\n\t\t\t\t<\/div>\n\t\t\t\t<div class=\"elementor-element elementor-element-d933811 elementor-widget elementor-widget-text-editor\" data-id=\"d933811\" data-element_type=\"widget\" data-e-type=\"widget\" data-widget_type=\"text-editor.default\">\n\t\t\t\t<div class=\"elementor-widget-container\">\n\t\t\t\t\t\t\t\t\t<p><strong>Dr. Christian Ostermann<\/strong><br>Directeur du programme d\u2019histoire et de politique publique ainsi que du projet d\u2019histoire internationale de la guerre froide au Wilson Center \u00e0 Washington, il est un historien prim\u00e9 et conseiller aupr\u00e8s de plusieurs mus\u00e9es comm\u00e9moratifs de la guerre froide. Il a jou\u00e9 un r\u00f4le majeur dans l\u2019exploration des archives de cette p\u00e9riode. Son travail lui a valu le prix Richard Leopold en 2021 et le Harry S. Truman Book Award en 2022.  <\/p>\t\t\t\t\t\t\t\t<\/div>\n\t\t\t\t<\/div>\n\t\t\t\t<\/div>\n\t\t\t\t<\/div>\n\t\t\t\t<\/div>\n\t\t<div class=\"elementor-element elementor-element-9162b59 e-con-full e-flex e-con e-child\" data-id=\"9162b59\" data-element_type=\"container\" data-e-type=\"container\">\n\t\t<div class=\"elementor-element elementor-element-bdbd05e e-con-full e-flex e-con e-child\" data-id=\"bdbd05e\" data-element_type=\"container\" data-e-type=\"container\">\n\t\t<div class=\"elementor-element elementor-element-73f58bc e-con-full e-flex e-con e-child\" data-id=\"73f58bc\" data-element_type=\"container\" data-e-type=\"container\">\n\t\t\t\t<div class=\"elementor-element elementor-element-8265c9d elementor-widget elementor-widget-text-editor\" data-id=\"8265c9d\" data-element_type=\"widget\" data-e-type=\"widget\" data-widget_type=\"text-editor.default\">\n\t\t\t\t<div class=\"elementor-widget-container\">\n\t\t\t\t\t\t\t\t\t<p><strong>Curators<\/strong><\/p>\t\t\t\t\t\t\t\t<\/div>\n\t\t\t\t<\/div>\n\t\t\t\t<\/div>\n\t\t<div class=\"elementor-element elementor-element-596d6bd e-con-full e-flex e-con e-child\" data-id=\"596d6bd\" data-element_type=\"container\" data-e-type=\"container\">\n\t\t\t\t<div class=\"elementor-element elementor-element-7778562 elementor-widget elementor-widget-text-editor\" data-id=\"7778562\" data-element_type=\"widget\" data-e-type=\"widget\" data-widget_type=\"text-editor.default\">\n\t\t\t\t<div class=\"elementor-widget-container\">\n\t\t\t\t\t\t\t\t\t<p><strong>Independents<\/strong><br>Tina Schaller<br>Stephan Kieninger<\/p><p><strong>Berlin Wall Foundation<\/strong><br>Cornelia Thiele, Phd<br>Sarah Bornhorst, Phd<br>Pia Eiringhaus<\/p>\t\t\t\t\t\t\t\t<\/div>\n\t\t\t\t<\/div>\n\t\t\t\t<\/div>\n\t\t\t\t<\/div>\n\t\t\t\t<\/div>\n\t\t\t\t\t<\/div>\n\t\t\t\t<\/div>\n\t\t<div class=\"elementor-element elementor-element-bdf5cd8 e-flex e-con-boxed e-con e-parent\" data-id=\"bdf5cd8\" data-element_type=\"container\" data-e-type=\"container\" data-settings=\"{&quot;background_background&quot;:&quot;video&quot;,&quot;background_video_start&quot;:0,&quot;background_play_on_mobile&quot;:&quot;yes&quot;}\">\n\t\t\t\t\t<div class=\"e-con-inner\">\n\t\t<div class=\"elementor-element elementor-element-84823de e-con-full e-flex e-con e-child\" data-id=\"84823de\" data-element_type=\"container\" data-e-type=\"container\">\n\t\t<div class=\"elementor-element elementor-element-30d3b99 e-con-full e-flex e-con e-child\" data-id=\"30d3b99\" data-element_type=\"container\" data-e-type=\"container\">\n\t\t<div class=\"elementor-element elementor-element-4885e1f e-con-full e-flex e-con e-child\" data-id=\"4885e1f\" data-element_type=\"container\" data-e-type=\"container\">\n\t\t\t\t<div class=\"elementor-element elementor-element-cad2536 elementor-widget elementor-widget-text-editor\" data-id=\"cad2536\" data-element_type=\"widget\" data-e-type=\"widget\" data-widget_type=\"text-editor.default\">\n\t\t\t\t<div class=\"elementor-widget-container\">\n\t\t\t\t\t\t\t\t\t<p><strong>With the support of<\/strong><\/p>\t\t\t\t\t\t\t\t<\/div>\n\t\t\t\t<\/div>\n\t\t\t\t<\/div>\n\t\t<div class=\"elementor-element elementor-element-830d100 e-con-full e-flex e-con e-child\" data-id=\"830d100\" data-element_type=\"container\" data-e-type=\"container\">\n\t\t\t\t<div class=\"elementor-element elementor-element-dffa7b2 elementor-widget elementor-widget-text-editor\" data-id=\"dffa7b2\" data-element_type=\"widget\" data-e-type=\"widget\" data-widget_type=\"text-editor.default\">\n\t\t\t\t<div class=\"elementor-widget-container\">\n\t\t\t\t\t\t\t\t\t<p>Dr. Manfred Wichmann<br>Dr. Scott Krause<\/p>\t\t\t\t\t\t\t\t<\/div>\n\t\t\t\t<\/div>\n\t\t\t\t<\/div>\n\t\t\t\t<\/div>\n\t\t\t\t<\/div>\n\t\t<div class=\"elementor-element elementor-element-8617bc6 e-con-full e-flex e-con e-child\" data-id=\"8617bc6\" data-element_type=\"container\" data-e-type=\"container\">\n\t\t<div class=\"elementor-element elementor-element-7842818 e-con-full e-flex e-con e-child\" data-id=\"7842818\" data-element_type=\"container\" data-e-type=\"container\">\n\t\t<div class=\"elementor-element elementor-element-8f480ce e-con-full e-flex e-con e-child\" data-id=\"8f480ce\" data-element_type=\"container\" data-e-type=\"container\">\n\t\t\t\t<div class=\"elementor-element elementor-element-4960957 elementor-widget elementor-widget-text-editor\" data-id=\"4960957\" data-element_type=\"widget\" data-e-type=\"widget\" data-widget_type=\"text-editor.default\">\n\t\t\t\t<div class=\"elementor-widget-container\">\n\t\t\t\t\t\t\t\t\t<p><strong>Interpretation Advisers<\/strong><\/p>\t\t\t\t\t\t\t\t<\/div>\n\t\t\t\t<\/div>\n\t\t\t\t<\/div>\n\t\t<div class=\"elementor-element elementor-element-02bb638 e-con-full e-flex e-con e-child\" data-id=\"02bb638\" data-element_type=\"container\" data-e-type=\"container\">\n\t\t\t\t<div class=\"elementor-element elementor-element-bedc03e elementor-widget elementor-widget-text-editor\" data-id=\"bedc03e\" data-element_type=\"widget\" data-e-type=\"widget\" data-widget_type=\"text-editor.default\">\n\t\t\t\t<div class=\"elementor-widget-container\">\n\t\t\t\t\t\t\t\t\t<p>Paul Salmons<br>Leah Kharibian<\/p>\t\t\t\t\t\t\t\t<\/div>\n\t\t\t\t<\/div>\n\t\t\t\t<\/div>\n\t\t\t\t<\/div>\n\t\t\t\t<\/div>\n\t\t<div class=\"elementor-element elementor-element-2f1acf3 e-con-full e-flex e-con e-child\" data-id=\"2f1acf3\" data-element_type=\"container\" data-e-type=\"container\">\n\t\t<div class=\"elementor-element elementor-element-33410b4 e-con-full e-flex e-con e-child\" data-id=\"33410b4\" data-element_type=\"container\" data-e-type=\"container\">\n\t\t<div class=\"elementor-element elementor-element-f0b819d e-con-full e-flex e-con e-child\" data-id=\"f0b819d\" data-element_type=\"container\" data-e-type=\"container\">\n\t\t\t\t<div class=\"elementor-element elementor-element-373e35e elementor-widget elementor-widget-text-editor\" data-id=\"373e35e\" data-element_type=\"widget\" data-e-type=\"widget\" data-widget_type=\"text-editor.default\">\n\t\t\t\t<div class=\"elementor-widget-container\">\n\t\t\t\t\t\t\t\t\t<p><strong>Research Assistants<\/strong><\/p>\t\t\t\t\t\t\t\t<\/div>\n\t\t\t\t<\/div>\n\t\t\t\t<\/div>\n\t\t<div class=\"elementor-element elementor-element-2aed23d e-con-full e-flex e-con e-child\" data-id=\"2aed23d\" data-element_type=\"container\" data-e-type=\"container\">\n\t\t\t\t<div class=\"elementor-element elementor-element-0e5da22 elementor-widget elementor-widget-text-editor\" data-id=\"0e5da22\" data-element_type=\"widget\" data-e-type=\"widget\" data-widget_type=\"text-editor.default\">\n\t\t\t\t<div class=\"elementor-widget-container\">\n\t\t\t\t\t\t\t\t\t<p>Yasmin Carli Albino<br>Henriette Albrecht<br>Sonja Hugi<br>Dominik Juhnke<br>Lysette Laffin<br>Alexander Paulick<br>Edo Schreuders<br>Lisa Weber<br>Paul Wernig<\/p>\t\t\t\t\t\t\t\t<\/div>\n\t\t\t\t<\/div>\n\t\t\t\t<\/div>\n\t\t\t\t<\/div>\n\t\t\t\t<\/div>\n\t\t\t\t\t<\/div>\n\t\t\t\t<\/div>\n\t\t<div class=\"elementor-element elementor-element-5578283 e-flex e-con-boxed e-con e-parent\" data-id=\"5578283\" data-element_type=\"container\" data-e-type=\"container\">\n\t\t\t\t\t<div class=\"e-con-inner\">\n\t\t\t\t<div class=\"elementor-element elementor-element-1b91b42 elementor-widget elementor-widget-image\" data-id=\"1b91b42\" data-element_type=\"widget\" data-e-type=\"widget\" data-widget_type=\"image.default\">\n\t\t\t\t<div class=\"elementor-widget-container\">\n\t\t\t\t\t\t\t\t\t\t\t\t\t\t\t<img decoding=\"async\" src=\"https:\/\/theberlinwall.com\/wp-content\/uploads\/2025\/02\/EL-MURO-DE-BERLIN_MUSEALIA-6549_JesusVarillas-scaled.jpg\" title=\"EL MURO DE BERLI\u0301N_MUSEALIA-6549_Jesu\u0301sVarillas\" alt=\"EL MURO DE BERLI\u0301N_MUSEALIA-6549_Jesu\u0301sVarillas\" loading=\"lazy\" \/>\t\t\t\t\t\t\t\t\t\t\t\t\t\t\t<\/div>\n\t\t\t\t<\/div>\n\t\t\t\t\t<\/div>\n\t\t\t\t<\/div>\n\t\t\t\t<\/div>\n\t\t","protected":false},"excerpt":{"rendered":"<p>The Exhibition https:\/\/youtu.be\/9_b6wdS34e4 Are we still living in a divided world?\u00bfSeguimos viviendo en un mundo dividido? We cannot understand the history of the 20th century without mentioning the philosophical, ideological, and geopolitical confrontation symbolized by the Berlin Wall. The exhibition deeply explores the repression carried out by the communist regime of the German Democratic Republic, [&hellip;]<\/p>\n","protected":false},"author":1,"featured_media":0,"parent":0,"menu_order":0,"comment_status":"closed","ping_status":"closed","template":"","meta":{"_acf_changed":false,"_mo_disable_npp":"","footnotes":""},"class_list":["post-5439","page","type-page","status-publish","hentry"],"acf":[],"yoast_head":"<!-- This site is optimized with the Yoast SEO plugin v27.3 - https:\/\/yoast.com\/product\/yoast-seo-wordpress\/ -->\n<title>Get info on exhibition - The Berlin Wall A World Divided in Paris<\/title>\n<meta name=\"description\" content=\"All the info you need to plan your visit to The Berlin Wall exhibition in Paris. Book your visit now so you don&#039;t miss out.\" \/>\n<meta name=\"robots\" content=\"index, follow, max-snippet:-1, max-image-preview:large, max-video-preview:-1\" \/>\n<link rel=\"canonical\" href=\"https:\/\/theberlinwall.com\/en\/the-exhibition\/\" \/>\n<meta property=\"og:locale\" content=\"en_US\" \/>\n<meta property=\"og:type\" content=\"article\" \/>\n<meta property=\"og:title\" content=\"Get info on exhibition - The Berlin Wall A World Divided in Paris\" \/>\n<meta property=\"og:description\" content=\"All the info you need to plan your visit to The Berlin Wall exhibition in Paris. Book your visit now so you don&#039;t miss out.\" \/>\n<meta property=\"og:url\" content=\"https:\/\/theberlinwall.com\/en\/the-exhibition\/\" \/>\n<meta property=\"og:site_name\" content=\"Exposici\u00f3n El Muro de Berl\u00edn en Barcelona | Espacio Inmersa\" \/>\n<meta property=\"article:publisher\" content=\"https:\/\/www.facebook.com\/BerlinWallExhibition\" \/>\n<meta property=\"article:modified_time\" content=\"2025-11-24T07:41:17+00:00\" \/>\n<meta name=\"twitter:card\" content=\"summary_large_image\" \/>\n<meta name=\"twitter:site\" content=\"@_berlinwall\" \/>\n<meta name=\"twitter:label1\" content=\"Est. reading time\" \/>\n\t<meta name=\"twitter:data1\" content=\"7 minutes\" \/>\n<script type=\"application\/ld+json\" class=\"yoast-schema-graph\">{\"@context\":\"https:\\\/\\\/schema.org\",\"@graph\":[{\"@type\":\"WebPage\",\"@id\":\"https:\\\/\\\/theberlinwall.com\\\/en\\\/the-exhibition\\\/\",\"url\":\"https:\\\/\\\/theberlinwall.com\\\/en\\\/the-exhibition\\\/\",\"name\":\"Get info on exhibition - The Berlin Wall A World Divided in Paris\",\"isPartOf\":{\"@id\":\"https:\\\/\\\/theberlinwall.com\\\/#website\"},\"primaryImageOfPage\":{\"@id\":\"https:\\\/\\\/theberlinwall.com\\\/en\\\/the-exhibition\\\/#primaryimage\"},\"image\":{\"@id\":\"https:\\\/\\\/theberlinwall.com\\\/en\\\/the-exhibition\\\/#primaryimage\"},\"thumbnailUrl\":\"https:\\\/\\\/theberlinwall.com\\\/wp-content\\\/uploads\\\/2024\\\/02\\\/Musealli_logo_white.svg\",\"datePublished\":\"2025-02-18T11:21:10+00:00\",\"dateModified\":\"2025-11-24T07:41:17+00:00\",\"description\":\"All the info you need to plan your visit to The Berlin Wall exhibition in Paris. Book your visit now so you don't miss out.\",\"breadcrumb\":{\"@id\":\"https:\\\/\\\/theberlinwall.com\\\/en\\\/the-exhibition\\\/#breadcrumb\"},\"inLanguage\":\"en-US\",\"potentialAction\":[{\"@type\":\"ReadAction\",\"target\":[\"https:\\\/\\\/theberlinwall.com\\\/en\\\/the-exhibition\\\/\"]}]},{\"@type\":\"ImageObject\",\"inLanguage\":\"en-US\",\"@id\":\"https:\\\/\\\/theberlinwall.com\\\/en\\\/the-exhibition\\\/#primaryimage\",\"url\":\"https:\\\/\\\/theberlinwall.com\\\/wp-content\\\/uploads\\\/2024\\\/02\\\/Musealli_logo_white.svg\",\"contentUrl\":\"https:\\\/\\\/theberlinwall.com\\\/wp-content\\\/uploads\\\/2024\\\/02\\\/Musealli_logo_white.svg\"},{\"@type\":\"BreadcrumbList\",\"@id\":\"https:\\\/\\\/theberlinwall.com\\\/en\\\/the-exhibition\\\/#breadcrumb\",\"itemListElement\":[{\"@type\":\"ListItem\",\"position\":1,\"name\":\"Portada\",\"item\":\"https:\\\/\\\/theberlinwall.com\\\/en\\\/home\\\/\"},{\"@type\":\"ListItem\",\"position\":2,\"name\":\"The Exhibition\"}]},{\"@type\":\"WebSite\",\"@id\":\"https:\\\/\\\/theberlinwall.com\\\/#website\",\"url\":\"https:\\\/\\\/theberlinwall.com\\\/\",\"name\":\"Le Mur de Berlin Un Monde Divis\u00e9\",\"description\":\"Sum\u00e9rgete en la historia del Muro de Berl\u00edn en el Espacio Inmersa de Barcelona. Una exposici\u00f3n excepcional con m\u00e1s de 200 objetos originales.\",\"publisher\":{\"@id\":\"https:\\\/\\\/theberlinwall.com\\\/#organization\"},\"potentialAction\":[{\"@type\":\"SearchAction\",\"target\":{\"@type\":\"EntryPoint\",\"urlTemplate\":\"https:\\\/\\\/theberlinwall.com\\\/?s={search_term_string}\"},\"query-input\":{\"@type\":\"PropertyValueSpecification\",\"valueRequired\":true,\"valueName\":\"search_term_string\"}}],\"inLanguage\":\"en-US\"},{\"@type\":\"Organization\",\"@id\":\"https:\\\/\\\/theberlinwall.com\\\/#organization\",\"name\":\"Le Mur de Berlin - Un Monde Divis\u00e9\",\"url\":\"https:\\\/\\\/theberlinwall.com\\\/\",\"logo\":{\"@type\":\"ImageObject\",\"inLanguage\":\"en-US\",\"@id\":\"https:\\\/\\\/theberlinwall.com\\\/#\\\/schema\\\/logo\\\/image\\\/\",\"url\":\"https:\\\/\\\/theberlinwall.com\\\/wp-content\\\/uploads\\\/2025\\\/10\\\/06_144_14_Logo_ING_RGB_ColorWhite_PROD-3.svg\",\"contentUrl\":\"https:\\\/\\\/theberlinwall.com\\\/wp-content\\\/uploads\\\/2025\\\/10\\\/06_144_14_Logo_ING_RGB_ColorWhite_PROD-3.svg\",\"width\":1417,\"height\":453,\"caption\":\"Le Mur de Berlin - Un Monde Divis\u00e9\"},\"image\":{\"@id\":\"https:\\\/\\\/theberlinwall.com\\\/#\\\/schema\\\/logo\\\/image\\\/\"},\"sameAs\":[\"https:\\\/\\\/www.facebook.com\\\/BerlinWallExhibition\",\"https:\\\/\\\/x.com\\\/_berlinwall\",\"https:\\\/\\\/www.instagram.com\\\/_berlinwall\\\/\"]}]}<\/script>\n<!-- \/ Yoast SEO plugin. -->","yoast_head_json":{"title":"Get info on exhibition - The Berlin Wall A World Divided in Paris","description":"All the info you need to plan your visit to The Berlin Wall exhibition in Paris. Book your visit now so you don't miss out.","robots":{"index":"index","follow":"follow","max-snippet":"max-snippet:-1","max-image-preview":"max-image-preview:large","max-video-preview":"max-video-preview:-1"},"canonical":"https:\/\/theberlinwall.com\/en\/the-exhibition\/","og_locale":"en_US","og_type":"article","og_title":"Get info on exhibition - The Berlin Wall A World Divided in Paris","og_description":"All the info you need to plan your visit to The Berlin Wall exhibition in Paris. Book your visit now so you don't miss out.","og_url":"https:\/\/theberlinwall.com\/en\/the-exhibition\/","og_site_name":"Exposici\u00f3n El Muro de Berl\u00edn en Barcelona | Espacio Inmersa","article_publisher":"https:\/\/www.facebook.com\/BerlinWallExhibition","article_modified_time":"2025-11-24T07:41:17+00:00","twitter_card":"summary_large_image","twitter_site":"@_berlinwall","twitter_misc":{"Est. reading time":"7 minutes"},"schema":{"@context":"https:\/\/schema.org","@graph":[{"@type":"WebPage","@id":"https:\/\/theberlinwall.com\/en\/the-exhibition\/","url":"https:\/\/theberlinwall.com\/en\/the-exhibition\/","name":"Get info on exhibition - The Berlin Wall A World Divided in Paris","isPartOf":{"@id":"https:\/\/theberlinwall.com\/#website"},"primaryImageOfPage":{"@id":"https:\/\/theberlinwall.com\/en\/the-exhibition\/#primaryimage"},"image":{"@id":"https:\/\/theberlinwall.com\/en\/the-exhibition\/#primaryimage"},"thumbnailUrl":"https:\/\/theberlinwall.com\/wp-content\/uploads\/2024\/02\/Musealli_logo_white.svg","datePublished":"2025-02-18T11:21:10+00:00","dateModified":"2025-11-24T07:41:17+00:00","description":"All the info you need to plan your visit to The Berlin Wall exhibition in Paris. Book your visit now so you don't miss out.","breadcrumb":{"@id":"https:\/\/theberlinwall.com\/en\/the-exhibition\/#breadcrumb"},"inLanguage":"en-US","potentialAction":[{"@type":"ReadAction","target":["https:\/\/theberlinwall.com\/en\/the-exhibition\/"]}]},{"@type":"ImageObject","inLanguage":"en-US","@id":"https:\/\/theberlinwall.com\/en\/the-exhibition\/#primaryimage","url":"https:\/\/theberlinwall.com\/wp-content\/uploads\/2024\/02\/Musealli_logo_white.svg","contentUrl":"https:\/\/theberlinwall.com\/wp-content\/uploads\/2024\/02\/Musealli_logo_white.svg"},{"@type":"BreadcrumbList","@id":"https:\/\/theberlinwall.com\/en\/the-exhibition\/#breadcrumb","itemListElement":[{"@type":"ListItem","position":1,"name":"Portada","item":"https:\/\/theberlinwall.com\/en\/home\/"},{"@type":"ListItem","position":2,"name":"The Exhibition"}]},{"@type":"WebSite","@id":"https:\/\/theberlinwall.com\/#website","url":"https:\/\/theberlinwall.com\/","name":"Le Mur de Berlin Un Monde Divis\u00e9","description":"Sum\u00e9rgete en la historia del Muro de Berl\u00edn en el Espacio Inmersa de Barcelona. Una exposici\u00f3n excepcional con m\u00e1s de 200 objetos originales.","publisher":{"@id":"https:\/\/theberlinwall.com\/#organization"},"potentialAction":[{"@type":"SearchAction","target":{"@type":"EntryPoint","urlTemplate":"https:\/\/theberlinwall.com\/?s={search_term_string}"},"query-input":{"@type":"PropertyValueSpecification","valueRequired":true,"valueName":"search_term_string"}}],"inLanguage":"en-US"},{"@type":"Organization","@id":"https:\/\/theberlinwall.com\/#organization","name":"Le Mur de Berlin - Un Monde Divis\u00e9","url":"https:\/\/theberlinwall.com\/","logo":{"@type":"ImageObject","inLanguage":"en-US","@id":"https:\/\/theberlinwall.com\/#\/schema\/logo\/image\/","url":"https:\/\/theberlinwall.com\/wp-content\/uploads\/2025\/10\/06_144_14_Logo_ING_RGB_ColorWhite_PROD-3.svg","contentUrl":"https:\/\/theberlinwall.com\/wp-content\/uploads\/2025\/10\/06_144_14_Logo_ING_RGB_ColorWhite_PROD-3.svg","width":1417,"height":453,"caption":"Le Mur de Berlin - Un Monde Divis\u00e9"},"image":{"@id":"https:\/\/theberlinwall.com\/#\/schema\/logo\/image\/"},"sameAs":["https:\/\/www.facebook.com\/BerlinWallExhibition","https:\/\/x.com\/_berlinwall","https:\/\/www.instagram.com\/_berlinwall\/"]}]}},"_links":{"self":[{"href":"https:\/\/theberlinwall.com\/en\/wp-json\/wp\/v2\/pages\/5439","targetHints":{"allow":["GET"]}}],"collection":[{"href":"https:\/\/theberlinwall.com\/en\/wp-json\/wp\/v2\/pages"}],"about":[{"href":"https:\/\/theberlinwall.com\/en\/wp-json\/wp\/v2\/types\/page"}],"author":[{"embeddable":true,"href":"https:\/\/theberlinwall.com\/en\/wp-json\/wp\/v2\/users\/1"}],"replies":[{"embeddable":true,"href":"https:\/\/theberlinwall.com\/en\/wp-json\/wp\/v2\/comments?post=5439"}],"version-history":[{"count":19,"href":"https:\/\/theberlinwall.com\/en\/wp-json\/wp\/v2\/pages\/5439\/revisions"}],"predecessor-version":[{"id":7967,"href":"https:\/\/theberlinwall.com\/en\/wp-json\/wp\/v2\/pages\/5439\/revisions\/7967"}],"wp:attachment":[{"href":"https:\/\/theberlinwall.com\/en\/wp-json\/wp\/v2\/media?parent=5439"}],"curies":[{"name":"wp","href":"https:\/\/api.w.org\/{rel}","templated":true}]}}